{"id":1223,"date":"2021-01-18T14:30:00","date_gmt":"2021-01-18T13:30:00","guid":{"rendered":"https:\/\/www.lefieu.fr\/?page_id=1223"},"modified":"2021-02-05T12:18:15","modified_gmt":"2021-02-05T11:18:15","slug":"le-blog-de-la-bibliotheque","status":"publish","type":"page","link":"https:\/\/www.lefieu.fr\/index.php\/le-blog-de-la-bibliotheque\/","title":{"rendered":"Le blog de la biblioth\u00e8que"},"content":{"rendered":"<ul class=\"lcp_catlist\" id=\"lcp_instance_0\"><li><h4 class=\"lcp_title\"><a href=\"https:\/\/www.lefieu.fr\/index.php\/2021\/10\/21\/rendez-vous-a-brighton-de-elodie-bonneville\/\">Rendez-Vous \u00e0 Brighton de Elodie Bonneville<\/a><\/h4>  21 octobre 2021<div><a href=\"https:\/\/www.lefieu.fr\/index.php\/2021\/10\/21\/rendez-vous-a-brighton-de-elodie-bonneville\/\" title=\"Rendez-Vous \u00e0 Brighton de Elodie Bonneville\"><img loading=\"lazy\" decoding=\"async\" width=\"150\" height=\"150\" src=\"https:\/\/www.lefieu.fr\/wp-content\/uploads\/2021\/10\/IMG_7088111-150x150.jpg\" class=\"lcp_thumbnail wp-post-image\" alt=\"Rendez-Vous \u00e0 Brighton de Elodie Bonneville\" srcset=\"https:\/\/www.lefieu.fr\/wp-content\/uploads\/2021\/10\/IMG_7088111-150x150.jpg 150w, https:\/\/www.lefieu.fr\/wp-content\/uploads\/2021\/10\/IMG_7088111-450x450.jpg 450w\" sizes=\"auto, (max-width: 150px) 100vw, 150px\" \/><\/a><\/div><div class=\"lcp_excerpt\">\n\n\n\n\n\n\n\n\n\n\n\n\n\n\nTr\u00e8s fi\u00e8re de vous pr\u00e9senter, en avant, premi\u00e8re le livre d&#8217;une jeune auteure f\u00e9odienne.\n\n\nElodie Boneville nous propose pour son premier livre une histoire d&#8217;amour avant tout entre une jeune femme et un gangster.\n\n\nElle a toujours aim\u00e9 l&#8217;\u00e9criture et la lecture qu&#8217;elle d\u00e9finie comme une &#8220;belle histoire d&#8217;amour&#8221;. Comme la plupart des lecteurs, l&#8217;auteure utilise la ...<\/div><\/li><li><h4 class=\"lcp_title\"><a href=\"https:\/\/www.lefieu.fr\/index.php\/2021\/10\/19\/on-se-reverra-de-lisa-jewell\/\">On se reverra de Lisa Jewell<\/a><\/h4>  19 octobre 2021<div><a href=\"https:\/\/www.lefieu.fr\/index.php\/2021\/10\/19\/on-se-reverra-de-lisa-jewell\/\" title=\"On se reverra de Lisa Jewell\"><img loading=\"lazy\" decoding=\"async\" width=\"150\" height=\"150\" src=\"https:\/\/www.lefieu.fr\/wp-content\/uploads\/2021\/10\/On-se-reverra-150x150.jpg\" class=\"lcp_thumbnail wp-post-image\" alt=\"On se reverra de Lisa Jewell\" srcset=\"https:\/\/www.lefieu.fr\/wp-content\/uploads\/2021\/10\/On-se-reverra-150x150.jpg 150w, https:\/\/www.lefieu.fr\/wp-content\/uploads\/2021\/10\/On-se-reverra-300x300.jpg 300w, https:\/\/www.lefieu.fr\/wp-content\/uploads\/2021\/10\/On-se-reverra.jpg 340w\" sizes=\"auto, (max-width: 150px) 100vw, 150px\" \/><\/a><\/div><div class=\"lcp_excerpt\">\nUn roman rempli de suspense qui vous emp\u00eache de poser ce livre.\n\n\nImaginez-vous, \u00e0 la place d&#8217;Alice, m\u00e8re c\u00e9libataire de trois enfants, qui vit au bord de la mer en Angleterre de nos jours ; qui, un jour, trouve cet homme au bord de l&#8217;eau assis pendant des heures sous la pluie. Elle finit par avoir ...<\/div><\/li><li><h4 class=\"lcp_title\"><a href=\"https:\/\/www.lefieu.fr\/index.php\/2021\/10\/18\/une-feodienne-edite-son-1er-roman\/\">Une F\u00e9odienne \u00e9dite son 1er roman !<\/a><\/h4>  18 octobre 2021<div><a href=\"https:\/\/www.lefieu.fr\/index.php\/2021\/10\/18\/une-feodienne-edite-son-1er-roman\/\" title=\"Une F\u00e9odienne \u00e9dite son 1er roman !\"><img loading=\"lazy\" decoding=\"async\" width=\"150\" height=\"150\" src=\"https:\/\/www.lefieu.fr\/wp-content\/uploads\/2021\/10\/IMG_708811-150x150.jpg\" class=\"lcp_thumbnail wp-post-image\" alt=\"Une F\u00e9odienne \u00e9dite son 1er roman !\" srcset=\"https:\/\/www.lefieu.fr\/wp-content\/uploads\/2021\/10\/IMG_708811-150x150.jpg 150w, https:\/\/www.lefieu.fr\/wp-content\/uploads\/2021\/10\/IMG_708811-450x450.jpg 450w\" sizes=\"auto, (max-width: 150px) 100vw, 150px\" \/><\/a><\/div><div class=\"lcp_excerpt\">\nElodie est une jeune femme souriante d&#8217;une trentaine d&#8217;ann\u00e9es qui a pos\u00e9 ses valises en 2018 sur la commune de LE FIEU. Apr\u00e8s avoir v\u00e9cu dans la r\u00e9gion Auvergne-Rh\u00f4ne-Alpes puis une dizaine d&#8217;ann\u00e9es en Nouvelle-Aquitaine, Elle d\u00e9cide de s&#8217;installer plus pr\u00e9cis\u00e9ment \u00e0 LE FIEU et ne tarie pas d&#8217;\u00e9loges sur la commune. Technicienne Microbiologie et ...<\/div><\/li><li><h4 class=\"lcp_title\"><a href=\"https:\/\/www.lefieu.fr\/index.php\/2021\/06\/15\/rien-ne-tefface-de-michel-bussi\/\">Rien ne t&#8217;efface de Michel Bussi<\/a><\/h4>  15 juin 2021<div><a href=\"https:\/\/www.lefieu.fr\/index.php\/2021\/06\/15\/rien-ne-tefface-de-michel-bussi\/\" title=\"Rien ne t&#039;efface de Michel Bussi\"><img loading=\"lazy\" decoding=\"async\" width=\"150\" height=\"150\" src=\"https:\/\/www.lefieu.fr\/wp-content\/uploads\/2021\/06\/Rien-ne-t-efface-150x150.jpg\" class=\"lcp_thumbnail wp-post-image\" alt=\"Rien ne t&#039;efface de Michel Bussi\" srcset=\"https:\/\/www.lefieu.fr\/wp-content\/uploads\/2021\/06\/Rien-ne-t-efface-150x150.jpg 150w, https:\/\/www.lefieu.fr\/wp-content\/uploads\/2021\/06\/Rien-ne-t-efface-300x300.jpg 300w, https:\/\/www.lefieu.fr\/wp-content\/uploads\/2021\/06\/Rien-ne-t-efface.jpg 340w\" sizes=\"auto, (max-width: 150px) 100vw, 150px\" \/><\/a><\/div><div class=\"lcp_excerpt\">\nUn auteur que l&#8217;on ne pr\u00e9sente plus Michel Bussi. Le dernier livre qu&#8217;il nous offre &#8220;Rien ne t&#8217;efface&#8221;, est absolument \u00e0 lire et pourquoi pas pendant vos vacances d&#8217;\u00e9t\u00e9.\n\n\nOn y retrouve une femme m\u00e9decin le Dr Maddi Liberi qui \u00e9l\u00e8ve seule son fils Esteban. C&#8217;est une femme rationnelle, ind\u00e9pendante, libre, fiable, forte et franche.\n\n\nTous les ...<\/div><\/li><li><h4 class=\"lcp_title\"><a href=\"https:\/\/www.lefieu.fr\/index.php\/2021\/04\/23\/mo-gadarr\/\">Mo Gadarr<\/a><\/h4>  23 avril 2021<div><a href=\"https:\/\/www.lefieu.fr\/index.php\/2021\/04\/23\/mo-gadarr\/\" title=\"Mo Gadarr\"><img loading=\"lazy\" decoding=\"async\" width=\"150\" height=\"150\" src=\"https:\/\/www.lefieu.fr\/wp-content\/uploads\/2021\/04\/black-feelings--150x150.jpeg\" class=\"lcp_thumbnail wp-post-image\" alt=\"Mo Gadarr\" \/><\/a><\/div><div class=\"lcp_excerpt\">\nUne auteure &#8220;coup de c\u0153ur&#8221;, Mo Gadarr qui m\u00e9rite d&#8217;\u00eatre plus c\u00e9l\u00e8bre. Professeur de fran\u00e7ais dans un coll\u00e8ge, elle s&#8217;est sp\u00e9cialis\u00e9e dans la romance bas\u00e9e sur un sujet de soci\u00e9t\u00e9.\n\n\nSon premier roman &#8220;black feelings saison 1&#8221; est une vrai perle. Il fut le gagnant du concours &#8220;Dark Attraction&#8221;. Il parle d&#8217;un probl\u00e8me de soci\u00e9t\u00e9 de ...<\/div><\/li><li><h4 class=\"lcp_title\"><a href=\"https:\/\/www.lefieu.fr\/index.php\/2021\/03\/23\/une-idee-de-livre-eja\/\">Une id\u00e9e de livre EJA<\/a><\/h4>  23 mars 2021<div><a href=\"https:\/\/www.lefieu.fr\/index.php\/2021\/03\/23\/une-idee-de-livre-eja\/\" title=\"Une id\u00e9e de livre EJA\"><img loading=\"lazy\" decoding=\"async\" width=\"150\" height=\"150\" src=\"https:\/\/www.lefieu.fr\/wp-content\/uploads\/2021\/03\/eja-150x150.jpg\" class=\"lcp_thumbnail wp-post-image\" alt=\"Une id\u00e9e de livre EJA\" \/><\/a><\/div><div class=\"lcp_excerpt\">\n\n\n\nEditions SIgnes de sens\n\n\nA l\u2019origine du projet de l\u2019Edition Jeunesse accessible, nous avons re\u00e7u un don de livre de leur part.\u00a0\n\n\nJe vous pr\u00e9sente un imagier \/vid\u00e9o \u201cAnimaux en mouvement\u201d qui est disponible \u00e0 la biblioth\u00e8que. C&#8217;est un livre pour les enfants \u00e0 partir de 3 ans.\n\n\n\u201cImagier vid\u00e9o sur 100 animaux pour apprendre \u00e0 raconter des ...<\/div><\/li><li><h4 class=\"lcp_title\"><a href=\"https:\/\/www.lefieu.fr\/index.php\/2021\/03\/22\/point-eja-edition-jeunesse-accessible-dans-votre-bibliotheque\/\">Point EJA (Edition Jeunesse Accessible) dans votre biblioth\u00e8que<\/a><\/h4>  22 mars 2021<div><a href=\"https:\/\/www.lefieu.fr\/index.php\/2021\/03\/22\/point-eja-edition-jeunesse-accessible-dans-votre-bibliotheque\/\" title=\"Point EJA (Edition Jeunesse Accessible) dans votre biblioth\u00e8que\"><img loading=\"lazy\" decoding=\"async\" width=\"150\" height=\"150\" src=\"https:\/\/www.lefieu.fr\/wp-content\/uploads\/2021\/03\/eja-150x150.jpg\" class=\"lcp_thumbnail wp-post-image\" alt=\"Point EJA (Edition Jeunesse Accessible) dans votre biblioth\u00e8que\" \/><\/a><\/div><div class=\"lcp_excerpt\">\n\n\n\nTrouver et choisir un livre, c&#8217;est un vrai parcours du combattant pour un parent dont l&#8217;enfant est en situation de handicap. Partant de ce constat, les \u00e9ditions Signes de sens accompagnent les acteurs volontaires, les m\u00e9diath\u00e8ques, les biblioth\u00e8ques, les libraires et les enseignes culturelles dans la construction d&#8217;un espace d\u00e9di\u00e9.\n\n\nLes objectifs sont :\n\n\n\nde mailler le ...<\/div><\/li><li><h4 class=\"lcp_title\"><a href=\"https:\/\/www.lefieu.fr\/index.php\/2021\/03\/08\/ta-deuxieme-vie-commence-quand-tu-comprends-que-tu-nen-as-quune\/\">Ta Deuxi\u00e8me vie commence quand tu comprends que tu n&#8217;en as qu&#8217;une.<\/a><\/h4>  8 mars 2021<div><a href=\"https:\/\/www.lefieu.fr\/index.php\/2021\/03\/08\/ta-deuxieme-vie-commence-quand-tu-comprends-que-tu-nen-as-quune\/\" title=\"Ta Deuxi\u00e8me vie commence quand tu comprends que tu n&#039;en as qu&#039;une.\"><img loading=\"lazy\" decoding=\"async\" width=\"150\" height=\"150\" src=\"https:\/\/www.lefieu.fr\/wp-content\/uploads\/2021\/03\/ta-deuxieme-vie...-150x150.jpg\" class=\"lcp_thumbnail wp-post-image\" alt=\"Ta Deuxi\u00e8me vie commence quand tu comprends que tu n&#039;en as qu&#039;une.\" srcset=\"https:\/\/www.lefieu.fr\/wp-content\/uploads\/2021\/03\/ta-deuxieme-vie...-150x150.jpg 150w, https:\/\/www.lefieu.fr\/wp-content\/uploads\/2021\/03\/ta-deuxieme-vie...-450x450.jpg 450w\" sizes=\"auto, (max-width: 150px) 100vw, 150px\" \/><\/a><\/div><div class=\"lcp_excerpt\">\nCe livre de Rapha\u00eblle GIORDANO pourrait servir de bible pour aider ceux qui ne sont pas heureux dans leur vie alors que tout semble leur sourire.\n\n\nCamille, mari\u00e9e, un enfant, un boulot de commerciale qui lui permet d&#8217;\u00eatre \u00e0 l&#8217;aise financi\u00e8rement; un enfant de 9 ans, en phase de pr\u00e9adolescence qui a toujours fait parti des ...<\/div><\/li><li><h4 class=\"lcp_title\"><a href=\"https:\/\/www.lefieu.fr\/index.php\/2021\/02\/25\/il-est-grand-temps-de-rallumer-les-etoiles\/\">Il est grand temps de rallumer les \u00e9toiles.<\/a><\/h4>  25 f\u00e9vrier 2021<div><a href=\"https:\/\/www.lefieu.fr\/index.php\/2021\/02\/25\/il-est-grand-temps-de-rallumer-les-etoiles\/\" title=\"Il est grand temps de rallumer les \u00e9toiles.\"><img loading=\"lazy\" decoding=\"async\" width=\"150\" height=\"150\" src=\"https:\/\/www.lefieu.fr\/wp-content\/uploads\/2021\/02\/il-est-grand-temps-de-rallumer-les-etoiles-150x150.jpg\" class=\"lcp_thumbnail wp-post-image\" alt=\"Il est grand temps de rallumer les \u00e9toiles.\" srcset=\"https:\/\/www.lefieu.fr\/wp-content\/uploads\/2021\/02\/il-est-grand-temps-de-rallumer-les-etoiles-150x150.jpg 150w, https:\/\/www.lefieu.fr\/wp-content\/uploads\/2021\/02\/il-est-grand-temps-de-rallumer-les-etoiles-450x450.jpg 450w\" sizes=\"auto, (max-width: 150px) 100vw, 150px\" \/><\/a><\/div><div class=\"lcp_excerpt\">\nLivre de Virginie Grimaldi\n\n\nC&#8217;est l&#8217;histoire banale d&#8217;une m\u00e8re et de ses deux filles, une histoire actuelle que l&#8217;on pourrait entendre de nos jours &#8220;\u00e0 tous les coins de rue&#8221;.\n\n\nAnna, m\u00e8re c\u00e9libataire, a deux filles Chlo\u00e9 et Lily. Elle se bat tous les jours pour ne pas sombrer d\u00e9finitivement financi\u00e8rement, elle se bat pour payer ses ...<\/div><\/li><li><h4 class=\"lcp_title\"><a href=\"https:\/\/www.lefieu.fr\/index.php\/2021\/01\/28\/le-blog-de-la-bibliotheque-3\/\">Le Confident d&#8217;H\u00e9l\u00e8ne Gr\u00e9millon<\/a><\/h4>  28 janvier 2021<div><a href=\"https:\/\/www.lefieu.fr\/index.php\/2021\/01\/28\/le-blog-de-la-bibliotheque-3\/\" title=\"Le Confident d&#039;H\u00e9l\u00e8ne Gr\u00e9millon\"><img loading=\"lazy\" decoding=\"async\" width=\"150\" height=\"150\" src=\"https:\/\/www.lefieu.fr\/wp-content\/uploads\/2021\/01\/le-confident-150x150.jpg\" class=\"lcp_thumbnail wp-post-image\" alt=\"Le Confident d&#039;H\u00e9l\u00e8ne Gr\u00e9millon\" \/><\/a><\/div><div class=\"lcp_excerpt\">\n\n\n\nLe Confident d&#8217;H\u00e9l\u00e8ne Gr\u00e9millon est un roman qui se lit aussi facilement qu&#8217;une lettre, le r\u00e9cit d&#8217;un bout de vie. Un livre plein de le\u00e7on de vie sur l&#8217;amiti\u00e9, l&#8217;amour, la haine, la maternit\u00e9 et riche en destins bris\u00e9s. Un livre sur un fond d&#8217;histoire qui se d\u00e9roule pendant la seconde guerre mondiale et notamment ...<\/div><\/li><\/ul><ul class='lcp_paginator'><li class='lcp_currentpage'>1<\/li><li><a href='https:\/\/www.lefieu.fr\/index.php\/wp-json\/wp\/v2\/pages\/1223?lcp_page0=2#lcp_instance_0' title='2'>2<\/a><\/li><li><a href='https:\/\/www.lefieu.fr\/index.php\/wp-json\/wp\/v2\/pages\/1223?lcp_page0=2#lcp_instance_0' title='2' class='lcp_nextlink'>&gt;&gt;<\/a><\/li><\/ul>\n\n\n\n<p><strong><span style=\"color:#4108fb\" class=\"has-inline-color\"><\/span><\/strong><\/p>\n\n\n\n<p><\/p>\n","protected":false},"excerpt":{"rendered":"","protected":false},"author":1,"featured_media":1225,"parent":0,"menu_order":0,"comment_status":"closed","ping_status":"closed","template":"","meta":{"_s2mail":"yes","_themeisle_gutenberg_block_has_review":false,"footnotes":""},"class_list":["post-1223","page","type-page","status-publish","has-post-thumbnail","hentry"],"_links":{"self":[{"href":"https:\/\/www.lefieu.fr\/index.php\/wp-json\/wp\/v2\/pages\/1223","targetHints":{"allow":["GET"]}}],"collection":[{"href":"https:\/\/www.lefieu.fr\/index.php\/wp-json\/wp\/v2\/pages"}],"about":[{"href":"https:\/\/www.lefieu.fr\/index.php\/wp-json\/wp\/v2\/types\/page"}],"author":[{"embeddable":true,"href":"https:\/\/www.lefieu.fr\/index.php\/wp-json\/wp\/v2\/users\/1"}],"replies":[{"embeddable":true,"href":"https:\/\/www.lefieu.fr\/index.php\/wp-json\/wp\/v2\/comments?post=1223"}],"version-history":[{"count":32,"href":"https:\/\/www.lefieu.fr\/index.php\/wp-json\/wp\/v2\/pages\/1223\/revisions"}],"predecessor-version":[{"id":1342,"href":"https:\/\/www.lefieu.fr\/index.php\/wp-json\/wp\/v2\/pages\/1223\/revisions\/1342"}],"wp:featuredmedia":[{"embeddable":true,"href":"https:\/\/www.lefieu.fr\/index.php\/wp-json\/wp\/v2\/media\/1225"}],"wp:attachment":[{"href":"https:\/\/www.lefieu.fr\/index.php\/wp-json\/wp\/v2\/media?parent=1223"}],"curies":[{"name":"wp","href":"https:\/\/api.w.org\/{rel}","templated":true}]}}