{"id":31,"date":"2020-06-20T05:41:56","date_gmt":"2020-06-20T03:41:56","guid":{"rendered":"http:\/\/www.lefieu.fr\/index.php\/blog\/"},"modified":"2021-01-12T07:04:05","modified_gmt":"2021-01-12T06:04:05","slug":"blog","status":"publish","type":"page","link":"https:\/\/www.lefieu.fr\/index.php\/blog\/","title":{"rendered":"Actualit\u00e9s"},"content":{"rendered":"<ul class=\"wp-block-latest-posts__list is-grid columns-3 has-dates alignwide wp-block-latest-posts\"><li><div class=\"wp-block-latest-posts__featured-image aligncenter\"><img loading=\"lazy\" decoding=\"async\" width=\"150\" height=\"150\" src=\"https:\/\/www.lefieu.fr\/wp-content\/uploads\/2026\/03\/B-150x150.jpg\" class=\"attachment-thumbnail size-thumbnail wp-post-image\" alt=\"\" style=\"\" srcset=\"https:\/\/www.lefieu.fr\/wp-content\/uploads\/2026\/03\/B-150x150.jpg 150w, https:\/\/www.lefieu.fr\/wp-content\/uploads\/2026\/03\/B-450x450.jpg 450w\" sizes=\"auto, (max-width: 150px) 100vw, 150px\" \/><\/div><a class=\"wp-block-latest-posts__post-title\" href=\"https:\/\/www.lefieu.fr\/index.php\/2026\/03\/23\/ceremonie-du-19-mars-2\/\">C\u00e9r\u00e9monie du 19 mars<\/a><time datetime=\"2026-03-23T08:58:01+01:00\" class=\"wp-block-latest-posts__post-date\">23 mars 2026<\/time><div class=\"wp-block-latest-posts__post-excerpt\">Ce jeudi 19 mars 2026, quelques habitants et nouveaux \u00e9lus se sont r\u00e9unis pour comm\u00e9morer la fin de la guerre d\u2019Alg\u00e9rie. Fid\u00e8le au devoir de m\u00e9moire, cette c\u00e9r\u00e9monie annuelle reste un moment cl\u00e9 de la vie citoyenne, rappelant le sacrifice de nombreux soldats et innocents tomb\u00e9s lors de ce conflit. [&hellip;]<\/div><\/li>\n<li><div class=\"wp-block-latest-posts__featured-image aligncenter\"><img loading=\"lazy\" decoding=\"async\" width=\"150\" height=\"150\" src=\"https:\/\/www.lefieu.fr\/wp-content\/uploads\/2026\/03\/Mairie-150x150.jpg\" class=\"attachment-thumbnail size-thumbnail wp-post-image\" alt=\"\" style=\"\" \/><\/div><a class=\"wp-block-latest-posts__post-title\" href=\"https:\/\/www.lefieu.fr\/index.php\/2026\/03\/22\/michel-vacher-reelu-a-lunanimite\/\">Michel VACHER r\u00e9\u00e9lu \u00e0 l&#8217;unanimit\u00e9 !<\/a><time datetime=\"2026-03-22T15:44:06+01:00\" class=\"wp-block-latest-posts__post-date\">22 mars 2026<\/time><div class=\"wp-block-latest-posts__post-excerpt\">Le vendredi 20 mars dernier, la vie d\u00e9mocratique de notre commune a franchi une \u00e9tape importante. Les membres du nouveau Conseil municipal se sont r\u00e9unis pour leur premi\u00e8re s\u00e9ance officielle, avec un ordre du jour solennel : l&#8217;\u00e9lection du Maire et des Adjoints. Une \u00e9lection sous le signe de l&#8217;unit\u00e9 [&hellip;]<\/div><\/li>\n<li><div class=\"wp-block-latest-posts__featured-image aligncenter\"><img loading=\"lazy\" decoding=\"async\" width=\"150\" height=\"150\" src=\"https:\/\/www.lefieu.fr\/wp-content\/uploads\/2023\/02\/20230212_125203-150x150.jpg\" class=\"attachment-thumbnail size-thumbnail wp-post-image\" alt=\"\" style=\"\" srcset=\"https:\/\/www.lefieu.fr\/wp-content\/uploads\/2023\/02\/20230212_125203-150x150.jpg 150w, https:\/\/www.lefieu.fr\/wp-content\/uploads\/2023\/02\/20230212_125203-450x450.jpg 450w\" sizes=\"auto, (max-width: 150px) 100vw, 150px\" \/><\/div><a class=\"wp-block-latest-posts__post-title\" href=\"https:\/\/www.lefieu.fr\/index.php\/2026\/03\/06\/le-cochon-roi\/\">Le cochon roi !<\/a><time datetime=\"2026-03-06T08:26:20+01:00\" class=\"wp-block-latest-posts__post-date\">6 mars 2026<\/time><div class=\"wp-block-latest-posts__post-excerpt\">Succ\u00e8s retentissant pour les traditionnelles Cochonnailles ! Bravant la difficile p\u00e9riode des temp\u00eates pour offrir un moment de r\u00e9pit, le dimanche 15 f\u00e9vrier dernier, la salle des f\u00eates a vibr\u00e9 au rythme de la convivialit\u00e9 \u00e0 l\u2019occasion du traditionnel repas des Cochonnailles. Cet \u00e9v\u00e9nement, devenu incontournable dans le calendrier local, [&hellip;]<\/div><\/li>\n<li><div class=\"wp-block-latest-posts__featured-image aligncenter\"><img loading=\"lazy\" decoding=\"async\" width=\"150\" height=\"150\" src=\"https:\/\/www.lefieu.fr\/wp-content\/uploads\/2026\/03\/20260218_155750-150x150.jpg\" class=\"attachment-thumbnail size-thumbnail wp-post-image\" alt=\"\" style=\"\" srcset=\"https:\/\/www.lefieu.fr\/wp-content\/uploads\/2026\/03\/20260218_155750-150x150.jpg 150w, https:\/\/www.lefieu.fr\/wp-content\/uploads\/2026\/03\/20260218_155750-450x450.jpg 450w\" sizes=\"auto, (max-width: 150px) 100vw, 150px\" \/><\/div><a class=\"wp-block-latest-posts__post-title\" href=\"https:\/\/www.lefieu.fr\/index.php\/2026\/03\/01\/souvenirs-de-tempetes\/\">Souvenirs de temp\u00eates !<\/a><time datetime=\"2026-03-01T18:19:04+01:00\" class=\"wp-block-latest-posts__post-date\">1 mars 2026<\/time><div class=\"wp-block-latest-posts__post-excerpt\">L&#8217;heure est aujourd&#8217;hui au bilan \u00e0 la suite du passage des temp\u00eates NILS et PEDRO. La commune de LE FIEU a travers\u00e9 plusieurs jours particuli\u00e8rement \u00e9prouvants. Ces \u00e9pisodes climatiques intenses ont occasionn\u00e9 d\u2019importants d\u00e9sagr\u00e9ments pour de nombreux habitants et n\u00e9cessit\u00e9 une mobilisation imm\u00e9diate et coordonn\u00e9e. Une mobilisation rapide et solidaire [&hellip;]<\/div><\/li>\n<li><div class=\"wp-block-latest-posts__featured-image aligncenter\"><img loading=\"lazy\" decoding=\"async\" width=\"150\" height=\"150\" src=\"https:\/\/www.lefieu.fr\/wp-content\/uploads\/2026\/02\/20260206_094135-150x150.jpg\" class=\"attachment-thumbnail size-thumbnail wp-post-image\" alt=\"\" style=\"\" srcset=\"https:\/\/www.lefieu.fr\/wp-content\/uploads\/2026\/02\/20260206_094135-150x150.jpg 150w, https:\/\/www.lefieu.fr\/wp-content\/uploads\/2026\/02\/20260206_094135-450x450.jpg 450w\" sizes=\"auto, (max-width: 150px) 100vw, 150px\" \/><\/div><a class=\"wp-block-latest-posts__post-title\" href=\"https:\/\/www.lefieu.fr\/index.php\/2026\/02\/07\/hommage-a-nos-elus\/\">Hommage \u00e0 nos \u00e9lus<\/a><time datetime=\"2026-02-07T09:32:22+01:00\" class=\"wp-block-latest-posts__post-date\">7 f\u00e9vrier 2026<\/time><div class=\"wp-block-latest-posts__post-excerpt\">Depuis 1792, la petite commune de LE FIEU a vu la commune \u00e9voluer au fil des al\u00e9as de l&#8217;histoire. Comme le dit le maire actuel, une commune se construit jour apr\u00e8s jour gr\u00e2ce \u00e0 l\u2019engagement de celles et ceux qui la font vivre. Elle le doit beaucoup \u00e0 ces femmes [&hellip;]<\/div><\/li>\n<li><div class=\"wp-block-latest-posts__featured-image aligncenter\"><img loading=\"lazy\" decoding=\"async\" width=\"150\" height=\"150\" src=\"https:\/\/www.lefieu.fr\/wp-content\/uploads\/2026\/02\/2026-02-05_14h36_44-150x150.png\" class=\"attachment-thumbnail size-thumbnail wp-post-image\" alt=\"\" style=\"\" srcset=\"https:\/\/www.lefieu.fr\/wp-content\/uploads\/2026\/02\/2026-02-05_14h36_44-150x150.png 150w, https:\/\/www.lefieu.fr\/wp-content\/uploads\/2026\/02\/2026-02-05_14h36_44-298x300.png 298w, https:\/\/www.lefieu.fr\/wp-content\/uploads\/2026\/02\/2026-02-05_14h36_44-450x450.png 450w, https:\/\/www.lefieu.fr\/wp-content\/uploads\/2026\/02\/2026-02-05_14h36_44.png 572w\" sizes=\"auto, (max-width: 150px) 100vw, 150px\" \/><\/div><a class=\"wp-block-latest-posts__post-title\" href=\"https:\/\/www.lefieu.fr\/index.php\/2026\/02\/05\/orion-2026-les-grandes-manoeuvres\/\">&#8220;ORION 2026&#8221;, les grandes manoeuvres.<\/a><time datetime=\"2026-02-05T16:00:10+01:00\" class=\"wp-block-latest-posts__post-date\">5 f\u00e9vrier 2026<\/time><div class=\"wp-block-latest-posts__post-excerpt\">Les grandes man\u0153uvres ORION 2026 marqueront, de f\u00e9vrier \u00e0 fin avril, l\u2019exercice militaire le plus ambitieux conduit en France depuis des d\u00e9cennies, destin\u00e9 \u00e0 pr\u00e9parer les arm\u00e9es fran\u00e7aises \u00e0 un conflit de haute intensit\u00e9 aux c\u00f4t\u00e9s de leurs alli\u00e9s europ\u00e9ens et de l\u2019OTAN. Un exercice hors norme Pendant pr\u00e8s de [&hellip;]<\/div><\/li>\n<li><div class=\"wp-block-latest-posts__featured-image aligncenter\"><img loading=\"lazy\" decoding=\"async\" width=\"150\" height=\"150\" src=\"https:\/\/www.lefieu.fr\/wp-content\/uploads\/2026\/01\/2026-01-29_17h00_00-150x150.png\" class=\"attachment-thumbnail size-thumbnail wp-post-image\" alt=\"\" style=\"\" srcset=\"https:\/\/www.lefieu.fr\/wp-content\/uploads\/2026\/01\/2026-01-29_17h00_00-150x150.png 150w, https:\/\/www.lefieu.fr\/wp-content\/uploads\/2026\/01\/2026-01-29_17h00_00-300x300.png 300w, https:\/\/www.lefieu.fr\/wp-content\/uploads\/2026\/01\/2026-01-29_17h00_00-450x450.png 450w, https:\/\/www.lefieu.fr\/wp-content\/uploads\/2026\/01\/2026-01-29_17h00_00.png 615w\" sizes=\"auto, (max-width: 150px) 100vw, 150px\" \/><\/div><a class=\"wp-block-latest-posts__post-title\" href=\"https:\/\/www.lefieu.fr\/index.php\/2026\/01\/29\/le-fieu-sur-les-pas-des-pelerins\/\">Le Fieu sur les pas des p\u00e8lerins<\/a><time datetime=\"2026-01-29T17:03:27+01:00\" class=\"wp-block-latest-posts__post-date\">29 janvier 2026<\/time><div class=\"wp-block-latest-posts__post-excerpt\">La convention liant la commune de LE FIEU \u00e0 l\u2019Association des Amis de Saint-Jacques-de-Compostelle a \u00e9t\u00e9 officiellement sign\u00e9e en d\u00e9but d&#8217;ann\u00e9e. Cet accord marque une \u00e9tape importante dans la valorisation des chemins de p\u00e8lerinage qui traversera d\u00e9sormais le territoire communal. Gr\u00e2ce \u00e0 cette convention, les p\u00e8lerins emprunteront le chemin des [&hellip;]<\/div><\/li>\n<li><div class=\"wp-block-latest-posts__featured-image aligncenter\"><img loading=\"lazy\" decoding=\"async\" width=\"150\" height=\"150\" src=\"https:\/\/www.lefieu.fr\/wp-content\/uploads\/2026\/01\/IMG_3122-2-150x150.jpg\" class=\"attachment-thumbnail size-thumbnail wp-post-image\" alt=\"\" style=\"\" srcset=\"https:\/\/www.lefieu.fr\/wp-content\/uploads\/2026\/01\/IMG_3122-2-150x150.jpg 150w, https:\/\/www.lefieu.fr\/wp-content\/uploads\/2026\/01\/IMG_3122-2-450x450.jpg 450w\" sizes=\"auto, (max-width: 150px) 100vw, 150px\" \/><\/div><a class=\"wp-block-latest-posts__post-title\" href=\"https:\/\/www.lefieu.fr\/index.php\/2026\/01\/28\/derniers-voeux-de-mandat\/\">Derniers voeux de mandat !<\/a><time datetime=\"2026-01-28T10:12:02+01:00\" class=\"wp-block-latest-posts__post-date\">28 janvier 2026<\/time><div class=\"wp-block-latest-posts__post-excerpt\">Un mandat marqu\u00e9 par les crises, l\u2019engagement collectif et une vision d\u2019avenir \u00c0 l\u2019occasion de la c\u00e9r\u00e9monie des v\u0153ux 2026, le maire de Le Fieu a dress\u00e9 un panorama dense et engag\u00e9 de la vie communale, dans un contexte tout particulier de fin de mandature. Devant les habitants, il a [&hellip;]<\/div><\/li>\n<li><div class=\"wp-block-latest-posts__featured-image aligncenter\"><img loading=\"lazy\" decoding=\"async\" width=\"150\" height=\"150\" src=\"https:\/\/www.lefieu.fr\/wp-content\/uploads\/2025\/12\/20251216_160952-150x150.jpg\" class=\"attachment-thumbnail size-thumbnail wp-post-image\" alt=\"\" style=\"\" srcset=\"https:\/\/www.lefieu.fr\/wp-content\/uploads\/2025\/12\/20251216_160952-150x150.jpg 150w, https:\/\/www.lefieu.fr\/wp-content\/uploads\/2025\/12\/20251216_160952-450x450.jpg 450w\" sizes=\"auto, (max-width: 150px) 100vw, 150px\" \/><\/div><a class=\"wp-block-latest-posts__post-title\" href=\"https:\/\/www.lefieu.fr\/index.php\/2025\/12\/31\/un-pan-dhistoire-tombe\/\">Un pan d&#8217;histoire tombe&#8230;<\/a><time datetime=\"2025-12-31T12:13:00+01:00\" class=\"wp-block-latest-posts__post-date\">31 d\u00e9cembre 2025<\/time><div class=\"wp-block-latest-posts__post-excerpt\">D\u00e9molition d&#8217;une maison v\u00e9tuste au c\u0153ur du bourg : un pas de plus vers la revitalisation de&nbsp;Le Fieu Une page se tourne au centre du village. Ces derniers jours, une maison ancienne situ\u00e9e au c\u0153ur du bourg a \u00e9t\u00e9 d\u00e9molie. Si ce b\u00e2timent, aujourd&#8217;hui trop d\u00e9grad\u00e9 pour \u00eatre conserv\u00e9, faisait [&hellip;]<\/div><\/li>\n<li><div class=\"wp-block-latest-posts__featured-image aligncenter\"><img loading=\"lazy\" decoding=\"async\" width=\"150\" height=\"150\" src=\"https:\/\/www.lefieu.fr\/wp-content\/uploads\/2025\/12\/2025-12-31_08h36_48-150x150.png\" class=\"attachment-thumbnail size-thumbnail wp-post-image\" alt=\"\" style=\"\" srcset=\"https:\/\/www.lefieu.fr\/wp-content\/uploads\/2025\/12\/2025-12-31_08h36_48-150x150.png 150w, https:\/\/www.lefieu.fr\/wp-content\/uploads\/2025\/12\/2025-12-31_08h36_48-450x450.png 450w\" sizes=\"auto, (max-width: 150px) 100vw, 150px\" \/><\/div><a class=\"wp-block-latest-posts__post-title\" href=\"https:\/\/www.lefieu.fr\/index.php\/2025\/12\/31\/le-jeune-feodien-reda-fait-une-saison-en-or\/\">Le jeune F\u00e9odien Reda fait une saison en or !<\/a><time datetime=\"2025-12-31T09:23:01+01:00\" class=\"wp-block-latest-posts__post-date\">31 d\u00e9cembre 2025<\/time><div class=\"wp-block-latest-posts__post-excerpt\">Le jeune F\u00e9odien Reda DERHMI signe une saison 2025 exceptionnelle, conclue par plusieurs titres majeurs et un passage prometteur chez les \u00ab grands \u00bb en cat\u00e9gorie 125 \u00e0 seulement 13 ans. (ligue Nouvelle Aquitaine) Une saison pleine de titres Des performances au niveau national Un engagement familial hors norme Remerciements [&hellip;]<\/div><\/li>\n<li><div class=\"wp-block-latest-posts__featured-image aligncenter\"><img loading=\"lazy\" decoding=\"async\" width=\"150\" height=\"150\" src=\"https:\/\/www.lefieu.fr\/wp-content\/uploads\/2025\/12\/2025-12-21_07h49_56-150x150.png\" class=\"attachment-thumbnail size-thumbnail wp-post-image\" alt=\"\" style=\"\" srcset=\"https:\/\/www.lefieu.fr\/wp-content\/uploads\/2025\/12\/2025-12-21_07h49_56-150x150.png 150w, https:\/\/www.lefieu.fr\/wp-content\/uploads\/2025\/12\/2025-12-21_07h49_56-450x450.png 450w\" sizes=\"auto, (max-width: 150px) 100vw, 150px\" \/><\/div><a class=\"wp-block-latest-posts__post-title\" href=\"https:\/\/www.lefieu.fr\/index.php\/2025\/12\/21\/renaissance-pour-la-sauvegarde\/\">Renaissance pour la sauvegarde<\/a><time datetime=\"2025-12-21T08:02:12+01:00\" class=\"wp-block-latest-posts__post-date\">21 d\u00e9cembre 2025<\/time><div class=\"wp-block-latest-posts__post-excerpt\">Cr\u00e9\u00e9e le 14 novembre 1996 et apr\u00e8s plusieurs ann\u00e9es d&#8217;inactivit\u00e9, l&#8217;association f\u00e9odienne &#8220;Comit\u00e9 de soutien de l&#8217;\u00e9glise Saint-Nicolas de LE FIEU&#8221; offre un magnifique cadeau de No\u00ebl \u00e0 l&#8217;\u00e9glise du village en reprenant du service. Le samedi 13 d\u00e9cembre dernier, les membres de l&#8217;association se sont r\u00e9unis en assembl\u00e9e g\u00e9n\u00e9rale [&hellip;]<\/div><\/li>\n<li><div class=\"wp-block-latest-posts__featured-image aligncenter\"><img loading=\"lazy\" decoding=\"async\" width=\"150\" height=\"150\" src=\"https:\/\/www.lefieu.fr\/wp-content\/uploads\/2025\/12\/2025-12-18_19h14_31-150x150.png\" class=\"attachment-thumbnail size-thumbnail wp-post-image\" alt=\"\" style=\"\" srcset=\"https:\/\/www.lefieu.fr\/wp-content\/uploads\/2025\/12\/2025-12-18_19h14_31-150x150.png 150w, https:\/\/www.lefieu.fr\/wp-content\/uploads\/2025\/12\/2025-12-18_19h14_31-450x450.png 450w\" sizes=\"auto, (max-width: 150px) 100vw, 150px\" \/><\/div><a class=\"wp-block-latest-posts__post-title\" href=\"https:\/\/www.lefieu.fr\/index.php\/2025\/12\/20\/arbre-de-noel-enchante-au-fieu\/\">Arbre de No\u00ebl enchant\u00e9 au Fieu !<\/a><time datetime=\"2025-12-20T08:09:30+01:00\" class=\"wp-block-latest-posts__post-date\">20 d\u00e9cembre 2025<\/time><div class=\"wp-block-latest-posts__post-excerpt\">Le dimanche 14 d\u00e9cembre dernier, la magie des f\u00eates s\u2019est empar\u00e9e une nouvelle fois de notre commune \u00e0 l\u2019occasion de l\u2019Arbre de No\u00ebl annuel. Ce sont seulement 24 enfants du village qui se sont retrouv\u00e9s pour partager un moment de convivialit\u00e9 et de f\u00e9erie offert par la municipalit\u00e9. Un spectacle [&hellip;]<\/div><\/li>\n<li><div class=\"wp-block-latest-posts__featured-image aligncenter\"><img loading=\"lazy\" decoding=\"async\" width=\"150\" height=\"150\" src=\"https:\/\/www.lefieu.fr\/wp-content\/uploads\/2025\/12\/2025-12-18_18h04_29-150x150.png\" class=\"attachment-thumbnail size-thumbnail wp-post-image\" alt=\"\" style=\"\" \/><\/div><a class=\"wp-block-latest-posts__post-title\" href=\"https:\/\/www.lefieu.fr\/index.php\/2025\/12\/18\/agir-ensemble\/\">Agir ensemble !<\/a><time datetime=\"2025-12-18T18:09:16+01:00\" class=\"wp-block-latest-posts__post-date\">18 d\u00e9cembre 2025<\/time><div class=\"wp-block-latest-posts__post-excerpt\">Le Fieu, une commune engag\u00e9e : prot\u00e9ger, pr\u00e9venir et agir ensemble Lors du Congr\u00e8s des Maires 2025, le Maire de LE FIEU a sign\u00e9 la charte nationale \u00ab Commune qui sauve \u2013 engag\u00e9e aux c\u00f4t\u00e9s de nos pompiers \u00bb. Cette signature est l&#8217;engagement qui d\u00e9montre que la commune a la [&hellip;]<\/div><\/li>\n<li><div class=\"wp-block-latest-posts__featured-image aligncenter\"><img loading=\"lazy\" decoding=\"async\" width=\"150\" height=\"150\" src=\"https:\/\/www.lefieu.fr\/wp-content\/uploads\/2025\/12\/2025-12-13_09h02_24-150x150.png\" class=\"attachment-thumbnail size-thumbnail wp-post-image\" alt=\"\" style=\"\" srcset=\"https:\/\/www.lefieu.fr\/wp-content\/uploads\/2025\/12\/2025-12-13_09h02_24-150x150.png 150w, https:\/\/www.lefieu.fr\/wp-content\/uploads\/2025\/12\/2025-12-13_09h02_24-450x450.png 450w\" sizes=\"auto, (max-width: 150px) 100vw, 150px\" \/><\/div><a class=\"wp-block-latest-posts__post-title\" href=\"https:\/\/www.lefieu.fr\/index.php\/2025\/12\/13\/le-jaune-evolue\/\">Le &#8220;jaune&#8221; \u00e9volue !<\/a><time datetime=\"2025-12-13T09:06:19+01:00\" class=\"wp-block-latest-posts__post-date\">13 d\u00e9cembre 2025<\/time><div class=\"wp-block-latest-posts__post-excerpt\">Gr\u00e2ce aux observations toujours constructives des F\u00e9odiens \u00e9voquant les difficult\u00e9s de d\u00e9p\u00f4ts des emballages dans les containers jaunes, la commune a sollicit\u00e9 le SMICVAL pour le changement de syst\u00e8me. Egalement \u00e0 l&#8217;\u00e9coute des usagers, le SMICVAL a chang\u00e9 mercredi dernier les deux containers enterr\u00e9s situ\u00e9s sur la place de l&#8217;\u00e9glise. [&hellip;]<\/div><\/li>\n<li><div class=\"wp-block-latest-posts__featured-image aligncenter\"><img loading=\"lazy\" decoding=\"async\" width=\"150\" height=\"150\" src=\"https:\/\/www.lefieu.fr\/wp-content\/uploads\/2025\/12\/1-150x150.jpg\" class=\"attachment-thumbnail size-thumbnail wp-post-image\" alt=\"\" style=\"\" srcset=\"https:\/\/www.lefieu.fr\/wp-content\/uploads\/2025\/12\/1-150x150.jpg 150w, https:\/\/www.lefieu.fr\/wp-content\/uploads\/2025\/12\/1-450x450.jpg 450w\" sizes=\"auto, (max-width: 150px) 100vw, 150px\" \/><\/div><a class=\"wp-block-latest-posts__post-title\" href=\"https:\/\/www.lefieu.fr\/index.php\/2025\/12\/08\/racines-de-vie-a-le-fieu\/\">Racines de vie \u00e0 LE FIEU !<\/a><time datetime=\"2025-12-08T08:37:37+01:00\" class=\"wp-block-latest-posts__post-date\">8 d\u00e9cembre 2025<\/time><div class=\"wp-block-latest-posts__post-excerpt\">Des arbres pour c\u00e9l\u00e9brer les naissances f\u00e9odiennes Dans le cadre de son engagement permanent en faveur du cadre de vie et du lien interg\u00e9n\u00e9rationnel, la commune de Le Fieu a proc\u00e9d\u00e9 \u00e0 la plantation d&#8217;une vingtaine de nouveaux arbres le long du sentier reliant l&#8217;abri-bus \u00e0 la mairie. Ces plantations, [&hellip;]<\/div><\/li>\n<\/ul>\n\n\n<p><\/p>\n","protected":false},"excerpt":{"rendered":"","protected":false},"author":1,"featured_media":75,"parent":0,"menu_order":0,"comment_status":"closed","ping_status":"closed","template":"","meta":{"_s2mail":"yes","_themeisle_gutenberg_block_has_review":false,"footnotes":""},"class_list":["post-31","page","type-page","status-publish","has-post-thumbnail","hentry"],"_links":{"self":[{"href":"https:\/\/www.lefieu.fr\/index.php\/wp-json\/wp\/v2\/pages\/31","targetHints":{"allow":["GET"]}}],"collection":[{"href":"https:\/\/www.lefieu.fr\/index.php\/wp-json\/wp\/v2\/pages"}],"about":[{"href":"https:\/\/www.lefieu.fr\/index.php\/wp-json\/wp\/v2\/types\/page"}],"author":[{"embeddable":true,"href":"https:\/\/www.lefieu.fr\/index.php\/wp-json\/wp\/v2\/users\/1"}],"replies":[{"embeddable":true,"href":"https:\/\/www.lefieu.fr\/index.php\/wp-json\/wp\/v2\/comments?post=31"}],"version-history":[{"count":10,"href":"https:\/\/www.lefieu.fr\/index.php\/wp-json\/wp\/v2\/pages\/31\/revisions"}],"predecessor-version":[{"id":1239,"href":"https:\/\/www.lefieu.fr\/index.php\/wp-json\/wp\/v2\/pages\/31\/revisions\/1239"}],"wp:featuredmedia":[{"embeddable":true,"href":"https:\/\/www.lefieu.fr\/index.php\/wp-json\/wp\/v2\/media\/75"}],"wp:attachment":[{"href":"https:\/\/www.lefieu.fr\/index.php\/wp-json\/wp\/v2\/media?parent=31"}],"curies":[{"name":"wp","href":"https:\/\/api.w.org\/{rel}","templated":true}]}}